{"id":10931,"date":"2024-04-03T11:47:00","date_gmt":"2024-04-03T09:47:00","guid":{"rendered":"https:\/\/weneos.com\/quienes-somos\/contratacion\/"},"modified":"2025-02-27T17:25:17","modified_gmt":"2025-02-27T16:25:17","slug":"contratacion","status":"publish","type":"page","link":"https:\/\/weneos.com\/es\/quienes-somos\/contratacion\/","title":{"rendered":"Contrataci\u00f3n"},"content":{"rendered":"<p>[et_pb_section fb_built=\u00bb1&#8243; admin_label=\u00bbHeader\u00bb _builder_version=\u00bb4.24.2&#8243; _module_preset=\u00bbdefault\u00bb use_background_color_gradient=\u00bbon\u00bb background_color_gradient_stops=\u00bb#f2f0eb 0%|rgba(242,240,235,0) 100%\u00bb background_color_gradient_overlays_image=\u00bbon\u00bb background_image=\u00bbhttps:\/\/weneos.com\/wp-content\/uploads\/2024\/04\/HumanRessources-scaled.jpeg\u00bb parallax=\u00bbon\u00bb custom_padding=\u00bb200px||250px||false|false\u00bb border_radii=\u00bboff|||3vw|3vw\u00bb locked=\u00bboff\u00bb collapsed=\u00bbon\u00bb global_colors_info=\u00bb{}\u00bb][et_pb_row _builder_version=\u00bb4.24.2&#8243; _module_preset=\u00bbdefault\u00bb width=\u00bb90%\u00bb max_width=\u00bb2560px\u00bb locked=\u00bboff\u00bb global_colors_info=\u00bb{}\u00bb][et_pb_column type=\u00bb4_4&#8243; _builder_version=\u00bb4.22.0&#8243; _module_preset=\u00bbdefault\u00bb global_colors_info=\u00bb{}\u00bb][et_pb_text _builder_version=\u00bb4.24.2&#8243; _module_preset=\u00bb_initial\u00bb header_font=\u00bb|600|||||||\u00bb header_font_size=\u00bb80px\u00bb header_2_font=\u00bbInter|700|||||||\u00bb header_2_font_size=\u00bb4vw\u00bb header_2_line_height=\u00bb1.2em\u00bb text_orientation=\u00bbcenter\u00bb header_2_font_size_tablet=\u00bb32px\u00bb header_2_font_size_phone=\u00bb20px\u00bb header_2_font_size_last_edited=\u00bbon|desktop\u00bb global_colors_info=\u00bb{}\u00bb]<\/p>\n<h1>\u00danete a nuestro equipo  <\/h1>\n<p>[\/et_pb_text][\/et_pb_column][\/et_pb_row][\/et_pb_section][et_pb_section fb_built=\u00bb1&#8243; admin_label=\u00bbServices\u00bb _builder_version=\u00bb4.22.0&#8243; _module_preset=\u00bbdefault\u00bb custom_padding=\u00bb50px|||||\u00bb collapsed=\u00bboff\u00bb global_colors_info=\u00bb{}\u00bb][et_pb_row column_structure=\u00bb1_3,2_3&#8243; use_custom_gutter=\u00bbon\u00bb gutter_width=\u00bb2&#8243; make_equal=\u00bbon\u00bb _builder_version=\u00bb4.24.2&#8243; _module_preset=\u00bbdefault\u00bb width=\u00bb90%\u00bb max_width=\u00bb2560px\u00bb global_colors_info=\u00bb{}\u00bb][et_pb_column type=\u00bb1_3&#8243; _builder_version=\u00bb4.24.2&#8243; _module_preset=\u00bbdefault\u00bb background_color=\u00bb#f4f0ec\u00bb custom_padding=\u00bb20px|20px|20px|20px|false|false\u00bb border_radii=\u00bbon|20px|20px|20px|20px\u00bb box_shadow_style=\u00bbpreset1&#8243; global_colors_info=\u00bb{}\u00bb][et_pb_text _builder_version=\u00bb4.24.3&#8243; _module_preset=\u00bbdefault\u00bb header_text_align=\u00bbjustify\u00bb header_line_height=\u00bb1.2em\u00bb text_orientation=\u00bbjustified\u00bb module_alignment=\u00bbcenter\u00bb global_colors_info=\u00bb{}\u00bb]<\/p>\n<h1 class=\"et_pb_module_heading et-fb-editable-element et-fb-editable-element__editing\" style=\"text-align: center;\" contenteditable=\"true\" data-shortcode-id=\"1.2.0.0-1712144024957\" data-quickaccess-id=\"title\">WENEOS (antes HelioScreen) es una empresa independiente que promueve el desarrollo del potencial humano y est\u00e1 decididamente comprometida a tener un impacto positivo en el mundo.<\/h1>\n<p><span style=\"color: #666666; font-size: 14px;\">A nuestro equipo le apasiona ofrecer un entorno de trabajo excepcional que anime a las personas a superarse, desarrollarse y ganar confianza. Cada individuo tiene un potencial inmenso y nosotros creamos las condiciones ideales para que florezca. \u00danase a nosotros y descubra un entorno en el que se reconocen sus talentos, se valoran sus ideas y se apoyan sus aspiraciones. Juntos estamos construyendo un futuro prometedor basado en la confianza, la innovaci\u00f3n y la excelencia.<\/span><\/p>\n<p>[\/et_pb_text][\/et_pb_column][et_pb_column type=\u00bb2_3&#8243; _builder_version=\u00bb4.24.2&#8243; _module_preset=\u00bbdefault\u00bb custom_padding=\u00bb20px|20px|20px|20px|false|false\u00bb border_radii=\u00bbon|20px|20px|20px|20px\u00bb box_shadow_style=\u00bbpreset1&#8243; global_colors_info=\u00bb{}\u00bb][et_pb_heading title=\u00bbNuestras ofertas\u00bb _builder_version=\u00bb4.27.4&#8243; _module_preset=\u00bbdefault\u00bb hover_enabled=\u00bb0&#8243; global_colors_info=\u00bb{}\u00bb sticky_enabled=\u00bb0&#8243;][\/et_pb_heading][et_pb_portfolio include_categories=\u00bb45&#8243; show_categories=\u00bboff\u00bb _builder_version=\u00bb4.27.4&#8243; _module_preset=\u00bbdefault\u00bb title_line_height=\u00bb1.8em\u00bb background_color=\u00bb#82368c\u00bb text_orientation=\u00bbcenter\u00bb background_layout=\u00bbdark\u00bb module_alignment=\u00bbcenter\u00bb custom_margin=\u00bb||||false|false\u00bb custom_padding=\u00bb||||false|false\u00bb hover_enabled=\u00bb0&#8243; border_radii=\u00bbon|10px|10px|10px|10px\u00bb border_width_all=\u00bb1px\u00bb global_colors_info=\u00bb{}\u00bb sticky_enabled=\u00bb0&#8243;][\/et_pb_portfolio][\/et_pb_column][\/et_pb_row][et_pb_row _builder_version=\u00bb4.24.2&#8243; _module_preset=\u00bbdefault\u00bb global_colors_info=\u00bb{}\u00bb][et_pb_column type=\u00bb4_4&#8243; _builder_version=\u00bb4.24.2&#8243; _module_preset=\u00bbdefault\u00bb global_colors_info=\u00bb{}\u00bb][dsm_text_divider header=\u00bb\u00bfC\u00f3mo se solicita?\u00bb _builder_version=\u00bb4.24.2&#8243; _module_preset=\u00bbdefault\u00bb global_colors_info=\u00bb{}\u00bb][\/dsm_text_divider][et_pb_text _builder_version=\u00bb4.24.3&#8243; _module_preset=\u00bbdefault\u00bb text_orientation=\u00bbjustified\u00bb global_colors_info=\u00bb{}\u00bb]<\/p>\n<section class=\"av_textblock_section av-kty2picy-447b5ba5c90da7d8406385d3714fa05f\">\n<div class=\"avia_textblock av_inherit_color\">\n<p>Para presentar su candidatura, env\u00ede su curr\u00edculum v\u00edtae y una carta de presentaci\u00f3n \u00fanicamente por correo electr\u00f3nico. Aseg\u00farese de incluir la referencia de la oferta en el asunto de su mensaje. Gracias de antemano.<\/p>\n<p>Si ninguna de nuestras vacantes actuales se ajusta a sus expectativas, pero est\u00e1 interesado en formar parte de nuestro equipo, no dude en enviarnos una candidatura espont\u00e1nea, especific\u00e1ndolo en el asunto de su correo electr\u00f3nico.<\/p>\n<\/div>\n<\/section>\n<p>[\/et_pb_text][et_pb_button button_url=\u00bbmailto:rh@weneos.com\u00bb button_text=\u00bbSolicitar en\u00bb button_alignment=\u00bbcenter\u00bb _builder_version=\u00bb4.27.4&#8243; _module_preset=\u00bbdefault\u00bb hover_enabled=\u00bb0&#8243; global_colors_info=\u00bb{}\u00bb sticky_enabled=\u00bb0&#8243;][\/et_pb_button][\/et_pb_column][\/et_pb_row][et_pb_row _builder_version=\u00bb4.24.2&#8243; _module_preset=\u00bbdefault\u00bb global_colors_info=\u00bb{}\u00bb][et_pb_column type=\u00bb4_4&#8243; _builder_version=\u00bb4.24.2&#8243; _module_preset=\u00bbdefault\u00bb global_colors_info=\u00bb{}\u00bb][dsm_text_divider header=\u00bb\u00bfY ahora qu\u00e9?\u00bb _builder_version=\u00bb4.24.2&#8243; _module_preset=\u00bbdefault\u00bb custom_margin=\u00bb||||false|false\u00bb global_colors_info=\u00bb{}\u00bb][\/dsm_text_divider][et_pb_text _builder_version=\u00bb4.24.2&#8243; _module_preset=\u00bbdefault\u00bb text_orientation=\u00bbjustified\u00bb global_colors_info=\u00bb{}\u00bb]<\/p>\n<section class=\"av_textblock_section av-kty2picy-447b5ba5c90da7d8406385d3714fa05f\">\n<p>Su solicitud ser\u00e1 estudiada por nuestro equipo y recibir\u00e1 una respuesta sistem\u00e1tica. Si sus cualificaciones se ajustan a los requisitos del puesto, le invitaremos a una entrevista inicial. Esta ser\u00e1 una oportunidad para que compartamos lo que distingue a WENEOS y para que usted descubra m\u00e1s sobre el papel y la vida dentro de nuestra empresa.<\/p>\n<p>Valoramos la singularidad de cada individuo. Para preparar tu entrevista, piensa en los siguientes aspectos:<\/p>\n<ul>\n<li>\n<p><strong>Tus aptitudes<\/strong>: las habilidades t\u00e9cnicas, los conocimientos y el talento que puedes aportar.<\/p>\n<\/li>\n<li>\n<p><strong>Tu perfil:<\/strong> c\u00f3mo llevas a cabo tus proyectos, gestionas tus tareas, colaboras con los dem\u00e1s y te comportas en el d\u00eda a d\u00eda.<\/p>\n<\/li>\n<li>\n<p><strong>Tus motivaciones:<\/strong> qu\u00e9 te impulsa a actuar, qu\u00e9 te apasiona y cu\u00e1les son tus objetivos. Creemos que tus activos no son s\u00f3lo tus habilidades, sino tambi\u00e9n lo que te inspira y motiva.<\/p>\n<\/li>\n<\/ul>\n<\/section>\n<p>[\/et_pb_text][\/et_pb_column][\/et_pb_row][et_pb_row _builder_version=\u00bb4.24.2&#8243; _module_preset=\u00bbdefault\u00bb global_colors_info=\u00bb{}\u00bb][et_pb_column type=\u00bb4_4&#8243; _builder_version=\u00bb4.24.2&#8243; _module_preset=\u00bbdefault\u00bb global_colors_info=\u00bb{}\u00bb][dsm_text_divider header=\u00bb\u00bfTrabajas en Weneos?\u00bb _builder_version=\u00bb4.24.3&#8243; _module_preset=\u00bbdefault\u00bb header_text_align=\u00bbcenter\u00bb global_colors_info=\u00bb{}\u00bb][\/dsm_text_divider][et_pb_text _builder_version=\u00bb4.24.2&#8243; _module_preset=\u00bbdefault\u00bb header_text_align=\u00bbcenter\u00bb header_3_text_color=\u00bb#0f0f0f\u00bb global_colors_info=\u00bb{}\u00bb]<\/p>\n<h1>Fomentar un ambiente familiar, trabajando juntos en armon\u00eda como un equipo.<\/h1>\n<h3 style=\"text-align: center;\">Una empresa. Una cultura. Una visi\u00f3n.<\/h3>\n<p>[\/et_pb_text][\/et_pb_column][\/et_pb_row][et_pb_row column_structure=\u00bb1_4,1_4,1_4,1_4&#8243; use_custom_gutter=\u00bbon\u00bb gutter_width=\u00bb2&#8243; make_equal=\u00bbon\u00bb _builder_version=\u00bb4.24.2&#8243; _module_preset=\u00bbdefault\u00bb background_enable_color=\u00bboff\u00bb width=\u00bb90%\u00bb max_width=\u00bb2560px\u00bb border_radii=\u00bbon|20px|20px|20px|20px\u00bb global_colors_info=\u00bb{}\u00bb][et_pb_column type=\u00bb1_4&#8243; _builder_version=\u00bb4.24.2&#8243; _module_preset=\u00bbdefault\u00bb background_color=\u00bb#82368c\u00bb custom_padding=\u00bb20px||20px||false|false\u00bb border_radii=\u00bbon|20px|20px|20px|20px\u00bb global_colors_info=\u00bb{}\u00bb][et_pb_blurb title=\u00bbSaldo\u00bb use_icon=\u00bbon\u00bb font_icon=\u00bb&#xf24e;||fa||900&#8243; icon_color=\u00bb#ffffff\u00bb image_icon_width=\u00bb40px\u00bb _builder_version=\u00bb4.24.2&#8243; _module_preset=\u00bbdefault\u00bb header_font=\u00bb|600|||||||\u00bb header_font_size=\u00bb22px\u00bb text_orientation=\u00bbcenter\u00bb background_layout=\u00bbdark\u00bb custom_padding=\u00bb10px|20px|10px|20px|false|false\u00bb global_colors_info=\u00bb{}\u00bb]<\/p>\n<p>\u00danete a una empresa dedicada a la conciliaci\u00f3n y la flexibilidad, que te permita gestionar tu trabajo de forma aut\u00f3noma: teletrabajo, horario flexible, etc.<\/p>\n<p>[\/et_pb_blurb][\/et_pb_column][et_pb_column type=\u00bb1_4&#8243; _builder_version=\u00bb4.24.2&#8243; _module_preset=\u00bbdefault\u00bb background_color=\u00bb#82368c\u00bb custom_padding=\u00bb20px||20px||false|false\u00bb border_radii=\u00bbon|20px|20px|20px|20px\u00bb global_colors_info=\u00bb{}\u00bb][et_pb_blurb title=\u00bbEcon\u00f3mico\u00bb use_icon=\u00bbon\u00bb font_icon=\u00bb&#xf4c0;||fa||900&#8243; icon_color=\u00bb#ffffff\u00bb image_icon_width=\u00bb40px\u00bb _builder_version=\u00bb4.24.2&#8243; _module_preset=\u00bbdefault\u00bb header_font=\u00bb|600|||||||\u00bb header_font_size=\u00bb22px\u00bb text_orientation=\u00bbcenter\u00bb background_layout=\u00bbdark\u00bb custom_padding=\u00bb10px|20px|10px|20px|false|false\u00bb global_colors_info=\u00bb{}\u00bb]<\/p>\n<p>Benef\u00edciese de ventajas econ\u00f3micas adicionales a su salario: retribuci\u00f3n flexible, participaci\u00f3n en los beneficios, ahorro para empleados, etc.<\/p>\n<p>[\/et_pb_blurb][\/et_pb_column][et_pb_column type=\u00bb1_4&#8243; _builder_version=\u00bb4.24.2&#8243; _module_preset=\u00bbdefault\u00bb background_color=\u00bb#82368c\u00bb custom_padding=\u00bb20px||20px||false|false\u00bb border_radii=\u00bbon|20px|20px|20px|20px\u00bb global_colors_info=\u00bb{}\u00bb][et_pb_blurb title=\u00bbBienestar\u00bb use_icon=\u00bbon\u00bb font_icon=\u00bb&#xf5bb;||fa||900&#8243; icon_color=\u00bb#ffffff\u00bb image_icon_width=\u00bb40px\u00bb _builder_version=\u00bb4.24.2&#8243; _module_preset=\u00bbdefault\u00bb header_font=\u00bb|600|||||||\u00bb header_font_size=\u00bb22px\u00bb text_orientation=\u00bbcenter\u00bb background_layout=\u00bbdark\u00bb custom_padding=\u00bb10px|20px|10px|20px|false|false\u00bb global_colors_info=\u00bb{}\u00bb]<\/p>\n<p>Forme parte de un entorno que promueve el bienestar, la ecolog\u00eda y la solidaridad. Ofrecemos un entorno de vida satisfactorio, adoptamos pr\u00e1cticas ecol\u00f3gicas y apoyamos iniciativas ben\u00e9ficas, lo que refleja nuestro compromiso con un futuro sostenible.<\/p>\n<p>[\/et_pb_blurb][\/et_pb_column][et_pb_column type=\u00bb1_4&#8243; _builder_version=\u00bb4.24.2&#8243; _module_preset=\u00bbdefault\u00bb background_color=\u00bb#82368c\u00bb custom_padding=\u00bb20px||20px||false|false\u00bb border_radii=\u00bbon|20px|20px|20px|20px\u00bb global_colors_info=\u00bb{}\u00bb][et_pb_blurb title=\u00bbFotoprotecci\u00f3n\u00bb use_icon=\u00bbon\u00bb font_icon=\u00bb&#xf185;||fa||900&#8243; icon_color=\u00bb#ffffff\u00bb image_icon_width=\u00bb40px\u00bb _builder_version=\u00bb4.24.2&#8243; _module_preset=\u00bbdefault\u00bb header_font=\u00bb|600|||||||\u00bb header_font_size=\u00bb22px\u00bb text_orientation=\u00bbcenter\u00bb background_layout=\u00bbdark\u00bb custom_padding=\u00bb10px|20px|10px|20px|false|false\u00bb global_colors_info=\u00bb{}\u00bb]<\/p>\n<p>\u00danase a un equipo en el que la innovaci\u00f3n t\u00e9cnica y la experiencia est\u00e1n al servicio del desarrollo de los productos solares del ma\u00f1ana, centrados en la salud del consumidor.<\/p>\n<p>[\/et_pb_blurb][\/et_pb_column][\/et_pb_row][\/et_pb_section]<\/p>\n","protected":false},"excerpt":{"rendered":"<p>\u00danete a nuestro equipo WENEOS (antes HelioScreen) es una empresa independiente que promueve el desarrollo del potencial humano y est\u00e1 decididamente comprometida a tener un impacto positivo en el mundo. A nuestro equipo le apasiona ofrecer un entorno de trabajo excepcional que anime a las personas a superarse, desarrollarse y ganar confianza. Cada individuo tiene un potencial inmenso y nosotros creamos las condiciones ideales para que florezca. \u00danase a nosotros y descubra un entorno en el que se reconocen sus talentos, se valoran sus ideas y se apoyan sus aspiraciones. Juntos estamos construyendo un futuro prometedor basado en la confianza, la innovaci\u00f3n y la excelencia.<div class=\"et_pb_module dsm_text_divider dsm_text_divider_0\">\n\t\t\t\t\n\t\t\t\t\n\t\t\t\t\n\t\t\t\t\n\t\t\t\t\n\t\t\t\t\n\t\t\t\t<div class=\"et_pb_module_inner\">\n\t\t\t\t\t<div class=\"dsm-text-divider-wrapper dsm-text-divider-align-center et_pb_bg_layout_light\">\n\t\t\t\t\n\t\t\t\t\n\t\t\t\t<div class=\"dsm-text-divider-before dsm-divider\"><\/div>\n\t\t\t\t<h3 class=\"dsm-text-divider-header et_pb_module_header\"><span>\u00bfC\u00f3mo se solicita?<\/span><\/h3>\n\t\t\t\t<div class=\"dsm-text-divider-after dsm-divider\"><\/div>\n\t\t\t<\/div>\n\t\t\t\t<\/div>\n\t\t\t<\/div> Para presentar su candidatura, env\u00ede su curr\u00edculum v\u00edtae y una carta de presentaci\u00f3n \u00fanicamente por correo electr\u00f3nico. Aseg\u00farese de incluir la referencia de la oferta en el asunto de su mensaje. Gracias de antemano. Si ninguna de nuestras vacantes actuales se ajusta a sus expectativas, pero est\u00e1 interesado en formar parte de nuestro equipo, no dude en enviarnos una candidatura espont\u00e1nea, especific\u00e1ndolo en el asunto de su correo electr\u00f3nico. <div class=\"et_pb_module dsm_text_divider dsm_text_divider_1\">\n\t\t\t\t\n\t\t\t\t\n\t\t\t\t\n\t\t\t\t\n\t\t\t\t\n\t\t\t\t\n\t\t\t\t<div class=\"et_pb_module_inner\">\n\t\t\t\t\t<div class=\"dsm-text-divider-wrapper dsm-text-divider-align-center et_pb_bg_layout_light\">\n\t\t\t\t\n\t\t\t\t\n\t\t\t\t<div class=\"dsm-text-divider-before dsm-divider\"><\/div>\n\t\t\t\t<h3 class=\"dsm-text-divider-header et_pb_module_header\"><span>\u00bfY ahora qu\u00e9?<\/span><\/h3>\n\t\t\t\t<div class=\"dsm-text-divider-after dsm-divider\"><\/div>\n\t\t\t<\/div>\n\t\t\t\t<\/div>\n\t\t\t<\/div> Su solicitud ser\u00e1 estudiada por nuestro equipo y recibir\u00e1 una respuesta sistem\u00e1tica. [&hellip;]<\/p>\n","protected":false},"author":1,"featured_media":0,"parent":10913,"menu_order":0,"comment_status":"closed","ping_status":"closed","template":"","meta":{"_et_pb_use_builder":"on","_et_pb_old_content":"","_et_gb_content_width":"","footnotes":""},"class_list":["post-10931","page","type-page","status-publish","hentry"],"_links":{"self":[{"href":"https:\/\/weneos.com\/es\/wp-json\/wp\/v2\/pages\/10931","targetHints":{"allow":["GET"]}}],"collection":[{"href":"https:\/\/weneos.com\/es\/wp-json\/wp\/v2\/pages"}],"about":[{"href":"https:\/\/weneos.com\/es\/wp-json\/wp\/v2\/types\/page"}],"author":[{"embeddable":true,"href":"https:\/\/weneos.com\/es\/wp-json\/wp\/v2\/users\/1"}],"replies":[{"embeddable":true,"href":"https:\/\/weneos.com\/es\/wp-json\/wp\/v2\/comments?post=10931"}],"version-history":[{"count":10,"href":"https:\/\/weneos.com\/es\/wp-json\/wp\/v2\/pages\/10931\/revisions"}],"predecessor-version":[{"id":13578,"href":"https:\/\/weneos.com\/es\/wp-json\/wp\/v2\/pages\/10931\/revisions\/13578"}],"up":[{"embeddable":true,"href":"https:\/\/weneos.com\/es\/wp-json\/wp\/v2\/pages\/10913"}],"wp:attachment":[{"href":"https:\/\/weneos.com\/es\/wp-json\/wp\/v2\/media?parent=10931"}],"curies":[{"name":"wp","href":"https:\/\/api.w.org\/{rel}","templated":true}]}}