{"id":11048,"date":"2024-04-01T02:31:07","date_gmt":"2024-04-01T00:31:07","guid":{"rendered":"https:\/\/weneos.com\/nuestros-compromisos\/fabricado-en-francia\/"},"modified":"2024-04-16T01:10:12","modified_gmt":"2024-04-15T23:10:12","slug":"fabricado-en-francia","status":"publish","type":"page","link":"https:\/\/weneos.com\/es\/nuestros-compromisos\/fabricado-en-francia\/","title":{"rendered":"Fabricado en Francia"},"content":{"rendered":"<p>[et_pb_section fb_built=\u00bb1&#8243; admin_label=\u00bbHeader\u00bb _builder_version=\u00bb4.24.2&#8243; _module_preset=\u00bbdefault\u00bb background_color=\u00bbgcid-a93f2103-1d8b-43bb-b21d-81d84bba8b15&#8243; collapsed=\u00bbon\u00bb global_colors_info=\u00bb{%22gcid-a93f2103-1d8b-43bb-b21d-81d84bba8b15%22:%91%22background_color%22%93}\u00bb][et_pb_row _builder_version=\u00bb4.24.2&#8243; _module_preset=\u00bbdefault\u00bb max_width=\u00bb1800px\u00bb custom_margin=\u00bb100px||||false|false\u00bb custom_padding=\u00bb50px||||false|false\u00bb global_colors_info=\u00bb{}\u00bb][et_pb_column type=\u00bb4_4&#8243; _builder_version=\u00bb4.22.0&#8243; _module_preset=\u00bbdefault\u00bb global_colors_info=\u00bb{}\u00bb][et_pb_text _builder_version=\u00bb4.24.2&#8243; _module_preset=\u00bb_initial\u00bb header_font=\u00bb|600|||||||\u00bb header_text_color=\u00bb#107c7c\u00bb header_font_size=\u00bb90px\u00bb header_line_height=\u00bb1.1em\u00bb text_orientation=\u00bbcenter\u00bb header_font_size_tablet=\u00bb40px\u00bb header_font_size_phone=\u00bb24px\u00bb header_font_size_last_edited=\u00bbon|desktop\u00bb global_colors_info=\u00bb{}\u00bb]<\/p>\n<h1>Nuestro compromiso<\/h1>\n<h1>Fabricado en Francia<\/h1>\n<p>[\/et_pb_text][\/et_pb_column][\/et_pb_row][et_pb_row column_structure=\u00bb1_2,1_2&#8243; _builder_version=\u00bb4.24.2&#8243; _module_preset=\u00bbdefault\u00bb max_width=\u00bb1800px\u00bb global_colors_info=\u00bb{}\u00bb][et_pb_column type=\u00bb1_2&#8243; _builder_version=\u00bb4.22.0&#8243; _module_preset=\u00bbdefault\u00bb global_colors_info=\u00bb{}\u00bb][et_pb_image src=\u00bbhttps:\/\/weneos.com\/wp-content\/uploads\/2024\/03\/mad_bloc_rvb.png\u00bb title_text=\u00bbmad_bloc_rvb\u00bb align=\u00bbcenter\u00bb _builder_version=\u00bb4.24.2&#8243; _module_preset=\u00bbdefault\u00bb width=\u00bb35%\u00bb border_radii=\u00bbon|30px|30px|30px|30px\u00bb global_colors_info=\u00bb{}\u00bb][\/et_pb_image][\/et_pb_column][et_pb_column type=\u00bb1_2&#8243; _builder_version=\u00bb4.22.0&#8243; _module_preset=\u00bbdefault\u00bb global_colors_info=\u00bb{}\u00bb][et_pb_text _builder_version=\u00bb4.24.2&#8243; _module_preset=\u00bb_initial\u00bb text_font=\u00bb||||||||\u00bb text_font_size=\u00bb16px\u00bb text_line_height=\u00bb1.8em\u00bb link_font=\u00bb||||on||||\u00bb header_text_align=\u00bbjustify\u00bb text_orientation=\u00bbjustified\u00bb text_font_size_tablet=\u00bb15px\u00bb text_font_size_phone=\u00bb14px\u00bb text_font_size_last_edited=\u00bbon|desktop\u00bb global_colors_info=\u00bb{}\u00bb]<\/p>\n<p><span>La esencia misma de nuestra empresa reside en nuestro compromiso con el \u00abMade in France\u00bb. Desde los inicios de nuestra empresa, hubo un firme deseo de tener un control total sobre la prestaci\u00f3n de nuestros servicios y productos a escala nacional, garantizando as\u00ed una alta calidad.<\/span><\/p>\n<p><span>Adoptar un enfoque Made in France tambi\u00e9n nos permite desempe\u00f1ar un papel activo en el desarrollo econ\u00f3mico de nuestra regi\u00f3n de origen, apoyando el empleo y la econom\u00eda locales. Hoy nos enorgullece decir que el 100% de nuestra producci\u00f3n industrial se realiza en Francia, se\u00f1al de nuestro compromiso inquebrantable con la excelencia francesa.  <\/span><\/p>\n<p><span>Vamos m\u00e1s all\u00e1 en la selecci\u00f3n de nuestros proveedores y subcontratistas, favoreciendo a las empresas locales (productos, proveedores de servicios, etc.) con criterios equivalentes (calidad y precio).<\/span><\/p>\n<p><span>Por \u00faltimo, nuestro sector de investigaci\u00f3n, situado \u00edntegramente en Francia y principalmente en la regi\u00f3n de Hauts-de-France, subraya nuestra convicci\u00f3n de que la innovaci\u00f3n y el \u00e9xito internacional pueden arraigar en suelo franc\u00e9s.<\/span><\/p>\n<p>[\/et_pb_text][\/et_pb_column][\/et_pb_row][\/et_pb_section][et_pb_section fb_built=\u00bb1&#8243; admin_label=\u00bbMission\u00bb _builder_version=\u00bb4.24.2&#8243; _module_preset=\u00bbdefault\u00bb background_enable_color=\u00bboff\u00bb background_enable_image=\u00bboff\u00bb background_size=\u00bbcontain\u00bb custom_margin=\u00bb||-30px||false|false\u00bb custom_padding=\u00bb||||false|false\u00bb collapsed=\u00bboff\u00bb global_colors_info=\u00bb{}\u00bb][et_pb_row column_structure=\u00bb1_2,1_2&#8243; _builder_version=\u00bb4.22.0&#8243; _module_preset=\u00bbdefault\u00bb max_width=\u00bb1800px\u00bb locked=\u00bboff\u00bb global_colors_info=\u00bb{}\u00bb][et_pb_column type=\u00bb1_2&#8243; _builder_version=\u00bb4.22.0&#8243; _module_preset=\u00bbdefault\u00bb global_colors_info=\u00bb{}\u00bb][et_pb_text _builder_version=\u00bb4.24.2&#8243; _module_preset=\u00bb_initial\u00bb text_text_color=\u00bb#107c7c\u00bb header_text_color=\u00bb#107c7c\u00bb header_2_font=\u00bb|600|||||||\u00bb header_2_text_color=\u00bb#107c7c\u00bb header_2_font_size=\u00bb52px\u00bb header_2_line_height=\u00bb1.2em\u00bb custom_margin=\u00bb0px||0px||false|false\u00bb header_2_font_size_tablet=\u00bb32px\u00bb header_2_font_size_phone=\u00bb20px\u00bb header_2_font_size_last_edited=\u00bbon|desktop\u00bb global_colors_info=\u00bb{}\u00bb]<\/p>\n<h2>Nuestros servicios y productos en toda Francia<\/h2>\n<p>[\/et_pb_text][et_pb_text _builder_version=\u00bb4.24.2&#8243; _module_preset=\u00bb_initial\u00bb text_font=\u00bb||||||||\u00bb text_font_size=\u00bb16px\u00bb text_line_height=\u00bb1.8em\u00bb link_font=\u00bb||||on||||\u00bb text_font_size_tablet=\u00bb15px\u00bb text_font_size_phone=\u00bb14px\u00bb text_font_size_last_edited=\u00bbon|desktop\u00bb global_colors_info=\u00bb{}\u00bb]<\/p>\n<p style=\"text-align: justify;\">\n<p style=\"text-align: justify;\">Made in France\u00bb contribuye a acelerar la reindustrializaci\u00f3n de las regiones, preservar el empleo local, promover productos de calidad y cumplir los objetivos franceses de reducci\u00f3n de la huella de carbono.<\/p>\n<p style=\"text-align: justify;\">Seg\u00fan la Direction G\u00e9n\u00e9rale des Entreprises (DGE), un producto que afirme estar fabricado en Francia debe (1) obtener una parte significativa de su valor de una o varias fases de fabricaci\u00f3n situadas en Francia y (2) haber sufrido su \u00faltima transformaci\u00f3n sustancial en Francia.<\/p>\n<p style=\"text-align: justify;\">Nos enorgullece anunciar que todos nuestros servicios (excepto la subcontrataci\u00f3n) y productos se fabrican en Francia.<\/p>\n<p style=\"text-align: justify;\">\n<p>[\/et_pb_text][\/et_pb_column][et_pb_column type=\u00bb1_2&#8243; _builder_version=\u00bb4.22.0&#8243; _module_preset=\u00bbdefault\u00bb global_colors_info=\u00bb{}\u00bb][dsm_image_hotspots src=\u00bbhttps:\/\/weneos.com\/wp-content\/uploads\/2024\/04\/France-scaled.jpeg\u00bb title_text=\u00bbMAPA DE FRANCIA\u00bb force_fullwidth=\u00bbon\u00bb _builder_version=\u00bb4.24.3&#8243; _module_preset=\u00bbdefault\u00bb module_alignment=\u00bbcenter\u00bb hover_enabled=\u00bb0&#8243; global_colors_info=\u00bb{}\u00bb body_text_color=\u00bb#ffffff\u00bb sticky_enabled=\u00bb0&#8243;][dsm_image_hotspots_child admin_title=\u00bbLabo\u00bb font_icon=\u00bb&#xf3c5;||fa||900&#8243; left_position=\u00bb56%\u00bb top_position=\u00bb20%\u00bb tooltip_background_color=\u00bb#ffffff\u00bb _builder_version=\u00bb4.24.3&#8243; _module_preset=\u00bbdefault\u00bb hover_enabled=\u00bb0&#8243; border_color_all_tooltip=\u00bb#000000&#8243; global_colors_info=\u00bb{}\u00bb body_text_color=\u00bb#ffffff\u00bb sticky_enabled=\u00bb0&#8243;]<\/p>\n<p><img decoding=\"async\" class=\"wp-image-8102 aligncenter\" src=\"https:\/\/weneos.com\/wp-content\/uploads\/2024\/03\/4.WENEOS-White-Signature-ex-Helioscreen-Transparent.png\" alt=\"\" width=\"421\" height=\"136\" title=\"\"><\/p>\n<p style=\"text-align: center;\"><span style=\"color: #ffffff;\">Centro especializado en protecci\u00f3n solar<\/span><\/p>\n<p>[\/dsm_image_hotspots_child][dsm_image_hotspots_child admin_title=\u00bbTHERMASTER\u00bb font_icon=\u00bb&#xf3c5;||fa||900&#8243; left_position=\u00bb48%\u00bb top_position=\u00bb19%\u00bb tooltip_background_color=\u00bb#ffffff\u00bb _builder_version=\u00bb4.24.3&#8243; _module_preset=\u00bbdefault\u00bb hover_enabled=\u00bb0&#8243; border_color_all_tooltip=\u00bb#000000&#8243; global_colors_info=\u00bb{}\u00bb body_text_color=\u00bb#ffffff\u00bb sticky_enabled=\u00bb0&#8243;]<\/p>\n<p style=\"text-align: center;\"><span style=\"color: #ffffff;\">Fabricaci\u00f3n de <\/span><strong><br \/>\n  <span style=\"color: #ffffff;\">TERMASTER<\/span><br \/>\n<\/strong><\/p>\n<p>[\/dsm_image_hotspots_child][dsm_image_hotspots_child admin_title=\u00bbSB6&#8243; font_icon=\u00bb&#xf3c5;||fa||900&#8243; left_position=\u00bb52%\u00bb top_position=\u00bb20%\u00bb tooltip_background_color=\u00bb#ffffff\u00bb _builder_version=\u00bb4.24.3&#8243; _module_preset=\u00bbdefault\u00bb hover_enabled=\u00bb0&#8243; border_color_all_tooltip=\u00bb#000000&#8243; global_colors_info=\u00bb{}\u00bb body_text_color=\u00bb#ffffff\u00bb sticky_enabled=\u00bb0&#8243;]<\/p>\n<p style=\"text-align: center;\"><span style=\"color: #ffffff;\">Fabricaci\u00f3n de <\/span><span style=\"color: #ffffff;\">Sustratos de PMMA <strong>arenados Helioplate SB6<\/strong><\/span><\/p>\n<p>[\/dsm_image_hotspots_child][dsm_image_hotspots_child admin_title=\u00bbHD6&#8243; font_icon=\u00bb&#xf3c5;||fa||900&#8243; left_position=\u00bb29%\u00bb top_position=\u00bb31%\u00bb tooltip_background_color=\u00bb#ffffff\u00bb _builder_version=\u00bb4.24.3&#8243; _module_preset=\u00bbdefault\u00bb hover_enabled=\u00bb0&#8243; border_color_all_tooltip=\u00bb#000000&#8243; global_colors_info=\u00bb{}\u00bb sticky_enabled=\u00bb0&#8243;]<\/p>\n<p style=\"text-align: center;\"><span style=\"color: #ffffff;\">Fabricaci\u00f3n de <\/span><span style=\"color: #ffffff;\">Sustratos de PMMA <strong>moldeado Helioplate HD6<\/strong><\/span><\/p>\n<p>[\/dsm_image_hotspots_child][dsm_image_hotspots_child admin_title=\u00bbSPREADMASTER\u00bb font_icon=\u00bb&#xf3c5;||fa||900&#8243; left_position=\u00bb85%\u00bb top_position=\u00bb35%\u00bb tooltip_background_color=\u00bb#ffffff\u00bb _builder_version=\u00bb4.24.3&#8243; _module_preset=\u00bbdefault\u00bb hover_enabled=\u00bb0&#8243; border_color_all_tooltip=\u00bb#000000&#8243; global_colors_info=\u00bb{}\u00bb sticky_enabled=\u00bb0&#8243;]<\/p>\n<p style=\"text-align: center;\"><span style=\"color: #ffffff;\">Construir el robot <\/span><strong><br \/>\n  <span style=\"color: #ffffff;\">SPREADMASTER<\/span><br \/>\n<\/strong><\/p>\n<p>[\/dsm_image_hotspots_child][\/dsm_image_hotspots][\/et_pb_column][\/et_pb_row][et_pb_row column_structure=\u00bb1_3,1_3,1_3&#8243; make_equal=\u00bbon\u00bb _builder_version=\u00bb4.24.2&#8243; _module_preset=\u00bbdefault\u00bb max_width=\u00bb2560px\u00bb global_colors_info=\u00bb{}\u00bb][et_pb_column type=\u00bb1_3&#8243; _builder_version=\u00bb4.24.2&#8243; _module_preset=\u00bbdefault\u00bb global_colors_info=\u00bb{}\u00bb][dsm_icon_divider use_icon=\u00bbon\u00bb font_icon=\u00bb&#xe007;||divi||400&#8243; icon_color=\u00bb#0c71c3&#8243; color=\u00bb#0c71c3&#8243; _builder_version=\u00bb4.24.2&#8243; _module_preset=\u00bbdefault\u00bb global_colors_info=\u00bb{}\u00bb][\/dsm_icon_divider][et_pb_number_counter title=\u00bbde nuestra investigaci\u00f3n se lleva a cabo en Francia\u00bb number=\u00bb100&#8243; _builder_version=\u00bb4.24.2&#8243; _module_preset=\u00bbdefault\u00bb title_text_color=\u00bb#0c71c3&#8243; number_text_color=\u00bb#0c71c3&#8243; global_colors_info=\u00bb{}\u00bb][\/et_pb_number_counter][\/et_pb_column][et_pb_column type=\u00bb1_3&#8243; _builder_version=\u00bb4.24.2&#8243; _module_preset=\u00bbdefault\u00bb global_colors_info=\u00bb{}\u00bb][dsm_icon_divider use_icon=\u00bbon\u00bb font_icon=\u00bb&#xf275;||fa||900&#8243; icon_color=\u00bb#c6c6c6&#8243; _builder_version=\u00bb4.24.2&#8243; _module_preset=\u00bbdefault\u00bb global_colors_info=\u00bb{}\u00bb][\/dsm_icon_divider][et_pb_number_counter title=\u00bbde nuestros productos se fabrican en Francia\u00bb number=\u00bb100&#8243; _builder_version=\u00bb4.24.2&#8243; _module_preset=\u00bbdefault\u00bb title_text_color=\u00bb#0a0a0a\u00bb number_text_color=\u00bb#0a0101&#8243; global_colors_info=\u00bb{}\u00bb][\/et_pb_number_counter][\/et_pb_column][et_pb_column type=\u00bb1_3&#8243; _builder_version=\u00bb4.24.2&#8243; _module_preset=\u00bbdefault\u00bb global_colors_info=\u00bb{}\u00bb][dsm_icon_divider use_icon=\u00bbon\u00bb font_icon=\u00bb&#xf0c0;||fa||900&#8243; icon_color=\u00bb#E02B20&#8243; _builder_version=\u00bb4.24.2&#8243; _module_preset=\u00bbdefault\u00bb global_colors_info=\u00bb{}\u00bb][\/dsm_icon_divider][et_pb_number_counter title=\u00bbde nuestros empleados est\u00e1n en Francia\u00bb number=\u00bb100&#8243; _builder_version=\u00bb4.24.2&#8243; _module_preset=\u00bbdefault\u00bb title_text_color=\u00bb#E02B20&#8243; number_text_color=\u00bb#E02B20&#8243; global_colors_info=\u00bb{}\u00bb][\/et_pb_number_counter][\/et_pb_column][\/et_pb_row][\/et_pb_section]<\/p>\n","protected":false},"excerpt":{"rendered":"<p>Nuestro compromiso Fabricado en FranciaLa esencia misma de nuestra empresa reside en nuestro compromiso con el \u00abMade in France\u00bb. Desde los inicios de nuestra empresa, hubo un firme deseo de tener un control total sobre la prestaci\u00f3n de nuestros servicios y productos a escala nacional, garantizando as\u00ed una alta calidad. Adoptar un enfoque Made in France tambi\u00e9n nos permite desempe\u00f1ar un papel activo en el desarrollo econ\u00f3mico de nuestra regi\u00f3n de origen, apoyando el empleo y la econom\u00eda locales. Hoy nos enorgullece decir que el 100% de nuestra producci\u00f3n industrial se realiza en Francia, se\u00f1al de nuestro compromiso inquebrantable con la excelencia francesa. Vamos m\u00e1s all\u00e1 en la selecci\u00f3n de nuestros proveedores y subcontratistas, favoreciendo a las empresas locales (productos, proveedores de servicios, etc.) con criterios equivalentes (calidad y precio). Por \u00faltimo, nuestro sector de investigaci\u00f3n, situado \u00edntegramente en Francia y principalmente en la regi\u00f3n de Hauts-de-France, subraya nuestra convicci\u00f3n de que la innovaci\u00f3n y el \u00e9xito internacional pueden arraigar en suelo franc\u00e9s.Nuestros servicios y productos en toda Francia Made in France\u00bb contribuye a acelerar la reindustrializaci\u00f3n de las regiones, preservar el empleo local, promover productos de calidad y cumplir los objetivos franceses de reducci\u00f3n de la huella de carbono. [&hellip;]<\/p>\n","protected":false},"author":1,"featured_media":0,"parent":11038,"menu_order":0,"comment_status":"closed","ping_status":"closed","template":"","meta":{"_et_pb_use_builder":"on","_et_pb_old_content":"","_et_gb_content_width":"","footnotes":""},"class_list":["post-11048","page","type-page","status-publish","hentry"],"_links":{"self":[{"href":"https:\/\/weneos.com\/es\/wp-json\/wp\/v2\/pages\/11048","targetHints":{"allow":["GET"]}}],"collection":[{"href":"https:\/\/weneos.com\/es\/wp-json\/wp\/v2\/pages"}],"about":[{"href":"https:\/\/weneos.com\/es\/wp-json\/wp\/v2\/types\/page"}],"author":[{"embeddable":true,"href":"https:\/\/weneos.com\/es\/wp-json\/wp\/v2\/users\/1"}],"replies":[{"embeddable":true,"href":"https:\/\/weneos.com\/es\/wp-json\/wp\/v2\/comments?post=11048"}],"version-history":[{"count":2,"href":"https:\/\/weneos.com\/es\/wp-json\/wp\/v2\/pages\/11048\/revisions"}],"predecessor-version":[{"id":11050,"href":"https:\/\/weneos.com\/es\/wp-json\/wp\/v2\/pages\/11048\/revisions\/11050"}],"up":[{"embeddable":true,"href":"https:\/\/weneos.com\/es\/wp-json\/wp\/v2\/pages\/11038"}],"wp:attachment":[{"href":"https:\/\/weneos.com\/es\/wp-json\/wp\/v2\/media?parent=11048"}],"curies":[{"name":"wp","href":"https:\/\/api.w.org\/{rel}","templated":true}]}}